{"id":73,"date":"2020-11-11T10:54:22","date_gmt":"2020-11-11T09:54:22","guid":{"rendered":"http:\/\/www.medien-centrum-ellwangen.de\/www\/?page_id=73"},"modified":"2022-12-07T21:51:57","modified_gmt":"2022-12-07T20:51:57","slug":"themenbeilagen","status":"publish","type":"page","link":"https:\/\/www.medien-centrum-ellwangen.de\/www\/themenbeilagen\/","title":{"rendered":"Themenbeilagen"},"content":{"rendered":"\n<div class=\"wp-block-columns is-layout-flex wp-container-core-columns-is-layout-9d6595d7 wp-block-columns-is-layout-flex\">\n<div class=\"wp-block-column is-layout-flow wp-block-column-is-layout-flow\">\n<figure class=\"wp-block-image size-large is-resized text-left has-max-width-200\"><img loading=\"lazy\" decoding=\"async\" src=\"https:\/\/www.medien-centrum-ellwangen.de\/www\/wp-content\/uploads\/2021\/05\/mce-info.png\" alt=\"\" class=\"wp-image-821\" width=\"250\" height=\"46\" srcset=\"https:\/\/www.medien-centrum-ellwangen.de\/www\/wp-content\/uploads\/2021\/05\/mce-info.png 1000w, https:\/\/www.medien-centrum-ellwangen.de\/www\/wp-content\/uploads\/2021\/05\/mce-info-300x56.png 300w, https:\/\/www.medien-centrum-ellwangen.de\/www\/wp-content\/uploads\/2021\/05\/mce-info-768x142.png 768w\" sizes=\"auto, (max-width: 250px) 100vw, 250px\" \/><\/figure>\n<\/div>\n\n\n\n<div class=\"wp-block-column is-layout-flow wp-block-column-is-layout-flow\"><\/div>\n<\/div>\n\n\n\n<p>Ein interessantes Angebot fu\u0308r Ihre n\u00e4chste Anzeigenschaltung:<\/p>\n\n\n\n<p>Regelm\u00e4\u00dfig erscheinen unsere farbigen Sonder-Beilagen zu interessanten Themengebieten mit einem sehr gro\u00dfen Verbreitungsgebiet u\u0308ber unsere Verlagsgrenzen hinaus. Mit einer Auflage von u\u0308ber 23.500 erreichten Haushalten \u2013 und einem sehr vorteilhaften Preis-\/Leistungsverh\u00e4ltnis fu\u0308r Ihre Farbanzeige (u\u0308ber 50 % gu\u0308nstiger als der Listenpreis).<\/p>\n\n\n\n<p>Kostenlos und zus\u00e4tzlich zu Ihrer Anzeige k\u00f6nnen Sie Ihr Unternehmen hier mit einem textlichen Beitrag sowie Bildern pr\u00e4sentieren \u2013 nutzen Sie diese M\u00f6glichkeit, Ihre regionale Bekanntheit zu st\u00e4rken!<\/p>\n\n\n\n<div class=\"wp-block-columns amtsblaetter is-layout-flex wp-container-core-columns-is-layout-9d6595d7 wp-block-columns-is-layout-flex\">\n<div class=\"wp-block-column is-layout-flow wp-block-column-is-layout-flow\">\n<p>Jobs &amp;<br>Karriere<\/p>\n\n\n\n<figure class=\"wp-block-image size-large is-style-default img-has-link\"><a href=\"https:\/\/www.medien-centrum-ellwangen.de\/www\/wp-content\/uploads\/2021\/05\/Jobs_und_Karriere_8_2020.pdf\" target=\"_blank\" rel=\"noopener\"><img loading=\"lazy\" decoding=\"async\" width=\"252\" height=\"346\" src=\"https:\/\/www.medien-centrum-ellwangen.de\/www\/wp-content\/uploads\/2020\/11\/stellen.jpg\" alt=\"\" class=\"wp-image-379\" srcset=\"https:\/\/www.medien-centrum-ellwangen.de\/www\/wp-content\/uploads\/2020\/11\/stellen.jpg 252w, https:\/\/www.medien-centrum-ellwangen.de\/www\/wp-content\/uploads\/2020\/11\/stellen-218x300.jpg 218w\" sizes=\"auto, (max-width: 252px) 100vw, 252px\" \/><\/a><\/figure>\n<\/div>\n\n\n\n<div class=\"wp-block-column is-layout-flow wp-block-column-is-layout-flow\">\n<p>Immobilien &amp;<br>Handwerk<\/p>\n\n\n\n<figure class=\"wp-block-image size-large is-style-default img-has-link\"><a href=\"http:\/\/www.medien-centrum-ellwangen.https:\/\/www.medien-centrum-ellwangen.de\/www\/wp-content\/uploads\/2021\/05\/Immobilien_und_Handwerk.pdf\" target=\"_blank\" rel=\"noopener\"><img loading=\"lazy\" decoding=\"async\" width=\"252\" height=\"346\" src=\"https:\/\/www.medien-centrum-ellwangen.de\/www\/wp-content\/uploads\/2020\/11\/handwerk.jpg\" alt=\"\" class=\"wp-image-374\" srcset=\"https:\/\/www.medien-centrum-ellwangen.de\/www\/wp-content\/uploads\/2020\/11\/handwerk.jpg 252w, https:\/\/www.medien-centrum-ellwangen.de\/www\/wp-content\/uploads\/2020\/11\/handwerk-218x300.jpg 218w\" sizes=\"auto, (max-width: 252px) 100vw, 252px\" \/><\/a><\/figure>\n<\/div>\n\n\n\n<div class=\"wp-block-column is-layout-flow wp-block-column-is-layout-flow\">\n<p>Gesundheit &amp; <br>Wellness<\/p>\n\n\n\n<figure class=\"wp-block-image size-large is-style-default img-has-link\"><a href=\"https:\/\/www.medien-centrum-ellwangen.de\/www\/wp-content\/uploads\/2021\/05\/Wellness_und_Gesundheit.pdf\" target=\"_blank\" rel=\"noopener\"><img loading=\"lazy\" decoding=\"async\" width=\"252\" height=\"346\" src=\"https:\/\/www.medien-centrum-ellwangen.de\/www\/wp-content\/uploads\/2020\/11\/relax.jpg\" alt=\"\" class=\"wp-image-378\" srcset=\"https:\/\/www.medien-centrum-ellwangen.de\/www\/wp-content\/uploads\/2020\/11\/relax.jpg 252w, https:\/\/www.medien-centrum-ellwangen.de\/www\/wp-content\/uploads\/2020\/11\/relax-218x300.jpg 218w\" sizes=\"auto, (max-width: 252px) 100vw, 252px\" \/><\/a><\/figure>\n<\/div>\n\n\n\n<div class=\"wp-block-column is-layout-flow wp-block-column-is-layout-flow\">\n<p>Auto &amp;<br>Motorrad<\/p>\n\n\n\n<figure class=\"wp-block-image size-large is-style-default img-has-link\"><a href=\"https:\/\/www.medien-centrum-ellwangen.de\/www\/wp-content\/uploads\/2021\/05\/Auto_und_Motorrad.pdf\" target=\"_blank\" rel=\"noopener\"><img loading=\"lazy\" decoding=\"async\" width=\"252\" height=\"346\" src=\"https:\/\/www.medien-centrum-ellwangen.de\/www\/wp-content\/uploads\/2020\/11\/kfz.jpg\" alt=\"\" class=\"wp-image-375\" srcset=\"https:\/\/www.medien-centrum-ellwangen.de\/www\/wp-content\/uploads\/2020\/11\/kfz.jpg 252w, https:\/\/www.medien-centrum-ellwangen.de\/www\/wp-content\/uploads\/2020\/11\/kfz-218x300.jpg 218w\" sizes=\"auto, (max-width: 252px) 100vw, 252px\" \/><\/a><\/figure>\n<\/div>\n\n\n\n<div class=\"wp-block-column is-layout-flow wp-block-column-is-layout-flow\">\n<p>Ferien, Freizeit &amp; <br>Urlaub<\/p>\n\n\n\n<figure class=\"wp-block-image size-large is-style-default img-has-link\"><a href=\"https:\/\/www.medien-centrum-ellwangen.de\/www\/wp-content\/uploads\/2021\/05\/Ferien_Urlaub.pdf\" target=\"_blank\" rel=\"noopener\"><img loading=\"lazy\" decoding=\"async\" width=\"252\" height=\"346\" src=\"https:\/\/www.medien-centrum-ellwangen.de\/www\/wp-content\/uploads\/2020\/11\/urlaubstuete.jpg\" alt=\"\" class=\"wp-image-380\" srcset=\"https:\/\/www.medien-centrum-ellwangen.de\/www\/wp-content\/uploads\/2020\/11\/urlaubstuete.jpg 252w, https:\/\/www.medien-centrum-ellwangen.de\/www\/wp-content\/uploads\/2020\/11\/urlaubstuete-218x300.jpg 218w\" sizes=\"auto, (max-width: 252px) 100vw, 252px\" \/><\/a><\/figure>\n<\/div>\n<\/div>\n\n\n\n<div class=\"wp-block-columns amtsblaetter is-layout-flex wp-container-core-columns-is-layout-9d6595d7 wp-block-columns-is-layout-flex\">\n<div class=\"wp-block-column is-layout-flow wp-block-column-is-layout-flow\">\n<p>Fru\u0308hling am Kocher<\/p>\n\n\n\n<figure class=\"wp-block-image size-large is-style-default img-has-link\"><a href=\"https:\/\/www.medien-centrum-ellwangen.de\/www\/wp-content\/uploads\/2020\/12\/Fruehling-Kocher-web.pdf\" target=\"_blank\" rel=\"noopener\"><img loading=\"lazy\" decoding=\"async\" width=\"299\" height=\"411\" src=\"https:\/\/www.medien-centrum-ellwangen.de\/www\/wp-content\/uploads\/2020\/11\/fruehling-ko.jpg\" alt=\"\" class=\"wp-image-372\" srcset=\"https:\/\/www.medien-centrum-ellwangen.de\/www\/wp-content\/uploads\/2020\/11\/fruehling-ko.jpg 299w, https:\/\/www.medien-centrum-ellwangen.de\/www\/wp-content\/uploads\/2020\/11\/fruehling-ko-218x300.jpg 218w\" sizes=\"auto, (max-width: 299px) 100vw, 299px\" \/><\/a><\/figure>\n<\/div>\n\n\n\n<div class=\"wp-block-column is-layout-flow wp-block-column-is-layout-flow\">\n<p>Ellwanger Fru\u0308hling<\/p>\n\n\n\n<figure class=\"wp-block-image size-large is-style-default img-has-link\"><a href=\"https:\/\/www.medien-centrum-ellwangen.de\/www\/wp-content\/uploads\/2020\/12\/Ellwanger-Fruehling-web.pdf\" target=\"_blank\" rel=\"noopener\"><img loading=\"lazy\" decoding=\"async\" width=\"299\" height=\"411\" src=\"https:\/\/www.medien-centrum-ellwangen.de\/www\/wp-content\/uploads\/2020\/11\/fruehling.jpg\" alt=\"\" class=\"wp-image-373\" srcset=\"https:\/\/www.medien-centrum-ellwangen.de\/www\/wp-content\/uploads\/2020\/11\/fruehling.jpg 299w, https:\/\/www.medien-centrum-ellwangen.de\/www\/wp-content\/uploads\/2020\/11\/fruehling-218x300.jpg 218w\" sizes=\"auto, (max-width: 299px) 100vw, 299px\" \/><\/a><\/figure>\n<\/div>\n\n\n\n<div class=\"wp-block-column is-layout-flow wp-block-column-is-layout-flow\">\n<p><\/p>\n<\/div>\n\n\n\n<div class=\"wp-block-column is-layout-flow wp-block-column-is-layout-flow\">\n<p><\/p>\n<\/div>\n\n\n\n<div class=\"wp-block-column is-layout-flow wp-block-column-is-layout-flow\">\n<p><\/p>\n<\/div>\n<\/div>\n\n\n\n<div style=\"height:140px\" aria-hidden=\"true\" class=\"wp-block-spacer\"><\/div>\n","protected":false},"excerpt":{"rendered":"<p>Ein interessantes Angebot fu\u0308r Ihre n\u00e4chste Anzeigenschaltung: Regelm\u00e4\u00dfig erscheinen unsere farbigen Sonder-Beilagen zu interessanten Themengebieten mit einem sehr gro\u00dfen Verbreitungsgebiet u\u0308ber unsere Verlagsgrenzen hinaus. Mit einer Auflage von u\u0308ber 23.500 erreichten Haushalten \u2013 und einem sehr vorteilhaften Preis-\/Leistungsverh\u00e4ltnis fu\u0308r Ihre Farbanzeige (u\u0308ber 50 % gu\u0308nstiger als der Listenpreis). Kostenlos und zus\u00e4tzlich zu Ihrer Anzeige k\u00f6nnen [&hellip;]<\/p>\n","protected":false},"author":1,"featured_media":0,"parent":0,"menu_order":0,"comment_status":"closed","ping_status":"closed","template":"","meta":{"footnotes":""},"class_list":["post-73","page","type-page","status-publish","hentry"],"_links":{"self":[{"href":"https:\/\/www.medien-centrum-ellwangen.de\/www\/wp-json\/wp\/v2\/pages\/73","targetHints":{"allow":["GET"]}}],"collection":[{"href":"https:\/\/www.medien-centrum-ellwangen.de\/www\/wp-json\/wp\/v2\/pages"}],"about":[{"href":"https:\/\/www.medien-centrum-ellwangen.de\/www\/wp-json\/wp\/v2\/types\/page"}],"author":[{"embeddable":true,"href":"https:\/\/www.medien-centrum-ellwangen.de\/www\/wp-json\/wp\/v2\/users\/1"}],"replies":[{"embeddable":true,"href":"https:\/\/www.medien-centrum-ellwangen.de\/www\/wp-json\/wp\/v2\/comments?post=73"}],"version-history":[{"count":0,"href":"https:\/\/www.medien-centrum-ellwangen.de\/www\/wp-json\/wp\/v2\/pages\/73\/revisions"}],"wp:attachment":[{"href":"https:\/\/www.medien-centrum-ellwangen.de\/www\/wp-json\/wp\/v2\/media?parent=73"}],"curies":[{"name":"wp","href":"https:\/\/api.w.org\/{rel}","templated":true}]}}